{"version":"1.0","provider_name":"Portal Tela Portugal","provider_url":"https:\/\/portaltela.pt","author_name":"Telinha","author_url":"https:\/\/portaltela.pt\/por\/367410592786\/","title":"Grupo armado com faca tenta roubar moto \u00e0 v\u00edtima - Portal Tela Portugal","type":"rich","width":600,"height":338,"html":"<blockquote class=\"wp-embedded-content\" data-secret=\"wBCMOWvFBU\"><a href=\"https:\/\/portaltela.pt\/policia\/2026\/05\/01\/grupo-armado-com-faca-tenta-roubar-moto-a-vitima\/\">Grupo armado com faca tenta roubar moto \u00e0 v\u00edtima<\/a><\/blockquote><iframe sandbox=\"allow-scripts\" security=\"restricted\" src=\"https:\/\/portaltela.pt\/policia\/2026\/05\/01\/grupo-armado-com-faca-tenta-roubar-moto-a-vitima\/embed\/#?secret=wBCMOWvFBU\" width=\"600\" height=\"338\" title=\"&#8220;Grupo armado com faca tenta roubar moto \u00e0 v\u00edtima&#8221; &#8212; Portal Tela Portugal\" data-secret=\"wBCMOWvFBU\" frameborder=\"0\" marginwidth=\"0\" marginheight=\"0\" scrolling=\"no\" class=\"wp-embedded-content\"><\/iframe><script type=\"text\/javascript\">\n\/* <![CDATA[ *\/\n\/*! This file is auto-generated *\/\n!function(d,l){\"use strict\";l.querySelector&&d.addEventListener&&\"undefined\"!=typeof URL&&(d.wp=d.wp||{},d.wp.receiveEmbedMessage||(d.wp.receiveEmbedMessage=function(e){var t=e.data;if((t||t.secret||t.message||t.value)&&!\/[^a-zA-Z0-9]\/.test(t.secret)){for(var s,r,n,a=l.querySelectorAll('iframe[data-secret=\"'+t.secret+'\"]'),o=l.querySelectorAll('blockquote[data-secret=\"'+t.secret+'\"]'),c=new RegExp(\"^https?:$\",\"i\"),i=0;i<o.length;i++)o[i].style.display=\"none\";for(i=0;i<a.length;i++)s=a[i],e.source===s.contentWindow&&(s.removeAttribute(\"style\"),\"height\"===t.message?(1e3<(r=parseInt(t.value,10))?r=1e3:~~r<200&&(r=200),s.height=r):\"link\"===t.message&&(r=new URL(s.getAttribute(\"src\")),n=new URL(t.value),c.test(n.protocol))&&n.host===r.host&&l.activeElement===s&&(d.top.location.href=t.value))}},d.addEventListener(\"message\",d.wp.receiveEmbedMessage,!1),l.addEventListener(\"DOMContentLoaded\",function(){for(var e,t,s=l.querySelectorAll(\"iframe.wp-embedded-content\"),r=0;r<s.length;r++)(t=(e=s[r]).getAttribute(\"data-secret\"))||(t=Math.random().toString(36).substring(2,12),e.src+=\"#?secret=\"+t,e.setAttribute(\"data-secret\",t)),e.contentWindow.postMessage({message:\"ready\",secret:t},\"*\")},!1)))}(window,document);\n\/\/# sourceURL=https:\/\/portaltela.pt\/wp-includes\/js\/wp-embed.min.js\n\/* ]]> *\/\n<\/script>\n","thumbnail_url":"https:\/\/portaltela.pt\/s.01k8rhncp4jt1\/2026\/05\/img_1280x721uu2026-04-28-13-38-29-2281015-768x432.jpg","thumbnail_width":600,"thumbnail_height":338,"description":"Quatro homens, com amea\u00e7a de faca, atacaram um homem na Reboleira, Amadora, por volta das 21h30 de quinta-feira, na Avenida D. Carlos I, e roubaram a moto. A v\u00edtima ficou com ferimentos graves na m\u00e3o e no joelho devido ao empurr\u00e3o. Os ladr\u00f5es fugiram com a moto. A PSP chegou ao local e pediu apoio m\u00e9dico para o ferido. A moto foi recuperada e um dos autores foi detido numa art\u00e9ria adjacente."}