{"version":"1.0","provider_name":"Portal Tela Portugal","provider_url":"https:\/\/portaltela.pt","author_name":"Telinha","author_url":"https:\/\/portaltela.pt\/por\/367410592786\/","title":"Funicular da Gra\u00e7a reabre ap\u00f3s interrup\u00e7\u00e3o - Portal Tela Portugal","type":"rich","width":600,"height":338,"html":"<blockquote class=\"wp-embedded-content\" data-secret=\"4Xd7NlCLqv\"><a href=\"https:\/\/portaltela.pt\/noticias\/economia\/2026\/05\/01\/funicular-da-graca-reabre-apos-interrupcao\/\">Funicular da Gra\u00e7a reabre ap\u00f3s interrup\u00e7\u00e3o<\/a><\/blockquote><iframe sandbox=\"allow-scripts\" security=\"restricted\" src=\"https:\/\/portaltela.pt\/noticias\/economia\/2026\/05\/01\/funicular-da-graca-reabre-apos-interrupcao\/embed\/#?secret=4Xd7NlCLqv\" width=\"600\" height=\"338\" title=\"&#8220;Funicular da Gra\u00e7a reabre ap\u00f3s interrup\u00e7\u00e3o&#8221; &#8212; Portal Tela Portugal\" data-secret=\"4Xd7NlCLqv\" frameborder=\"0\" marginwidth=\"0\" marginheight=\"0\" scrolling=\"no\" class=\"wp-embedded-content\"><\/iframe><script type=\"text\/javascript\">\n\/* <![CDATA[ *\/\n\/*! This file is auto-generated *\/\n!function(d,l){\"use strict\";l.querySelector&&d.addEventListener&&\"undefined\"!=typeof URL&&(d.wp=d.wp||{},d.wp.receiveEmbedMessage||(d.wp.receiveEmbedMessage=function(e){var t=e.data;if((t||t.secret||t.message||t.value)&&!\/[^a-zA-Z0-9]\/.test(t.secret)){for(var s,r,n,a=l.querySelectorAll('iframe[data-secret=\"'+t.secret+'\"]'),o=l.querySelectorAll('blockquote[data-secret=\"'+t.secret+'\"]'),c=new RegExp(\"^https?:$\",\"i\"),i=0;i<o.length;i++)o[i].style.display=\"none\";for(i=0;i<a.length;i++)s=a[i],e.source===s.contentWindow&&(s.removeAttribute(\"style\"),\"height\"===t.message?(1e3<(r=parseInt(t.value,10))?r=1e3:~~r<200&&(r=200),s.height=r):\"link\"===t.message&&(r=new URL(s.getAttribute(\"src\")),n=new URL(t.value),c.test(n.protocol))&&n.host===r.host&&l.activeElement===s&&(d.top.location.href=t.value))}},d.addEventListener(\"message\",d.wp.receiveEmbedMessage,!1),l.addEventListener(\"DOMContentLoaded\",function(){for(var e,t,s=l.querySelectorAll(\"iframe.wp-embedded-content\"),r=0;r<s.length;r++)(t=(e=s[r]).getAttribute(\"data-secret\"))||(t=Math.random().toString(36).substring(2,12),e.src+=\"#?secret=\"+t,e.setAttribute(\"data-secret\",t)),e.contentWindow.postMessage({message:\"ready\",secret:t},\"*\")},!1)))}(window,document);\n\/\/# sourceURL=https:\/\/portaltela.pt\/wp-includes\/js\/wp-embed.min.js\n\/* ]]> *\/\n<\/script>\n","thumbnail_url":"https:\/\/portaltela.pt\/s.01k8rhncp4jt1\/2026\/05\/img_1280x722uu2026-05-01-09-03-34-2282165-768x432.jpg","thumbnail_width":600,"thumbnail_height":338,"description":"O funicular da Gra\u00e7a, em Lisboa, voltou a circular nesta segunda-feira ap\u00f3s o encerramento causado pelo acidente com o Elevador da Gl\u00f3ria a 3 de setembro de 2025. A reabertura ocorreu ap\u00f3s obras de manuten\u00e7\u00e3o e melhorias, incluindo a substitui\u00e7\u00e3o de componentes danificados e novas medidas de seguran\u00e7a. A C\u00e2mara Municipal de Lisboa informou que o funicular passou por inspe\u00e7\u00f5es t\u00e9cnicas rigorosas e que as condi\u00e7\u00f5es de seguran\u00e7a foram garantidas antes da reabertura. O servi\u00e7o liga a Pra\u00e7a da Figueira \u00e0 Igreja da Gra\u00e7a e \u00e9 uma atra\u00e7\u00e3o tur\u00edstica procurada. O funcionamento ser\u00e1 regular e sujeito a inspe\u00e7\u00f5es peri\u00f3dicas para manter a seguran\u00e7a, com agradecimento pela compreens\u00e3o durante o encerramento."}