{"version":"1.0","provider_name":"Portal Tela Portugal","provider_url":"https:\/\/portaltela.pt","author_name":"Telinha","author_url":"https:\/\/portaltela.pt\/por\/367410592786\/","title":"Advogado condenado por associar colega a prostitui\u00e7\u00e3o - Portal Tela Portugal","type":"rich","width":600,"height":338,"html":"<blockquote class=\"wp-embedded-content\" data-secret=\"5yTfbRR9gN\"><a href=\"https:\/\/portaltela.pt\/noticias\/2026\/03\/30\/advogado-condenado-por-associar-colega-a-prostituicao\/\">Advogado condenado por associar colega a prostitui\u00e7\u00e3o<\/a><\/blockquote><iframe sandbox=\"allow-scripts\" security=\"restricted\" src=\"https:\/\/portaltela.pt\/noticias\/2026\/03\/30\/advogado-condenado-por-associar-colega-a-prostituicao\/embed\/#?secret=5yTfbRR9gN\" width=\"600\" height=\"338\" title=\"&#8220;Advogado condenado por associar colega a prostitui\u00e7\u00e3o&#8221; &#8212; Portal Tela Portugal\" data-secret=\"5yTfbRR9gN\" frameborder=\"0\" marginwidth=\"0\" marginheight=\"0\" scrolling=\"no\" class=\"wp-embedded-content\"><\/iframe><script type=\"text\/javascript\">\n\/* <![CDATA[ *\/\n\/*! This file is auto-generated *\/\n!function(d,l){\"use strict\";l.querySelector&&d.addEventListener&&\"undefined\"!=typeof URL&&(d.wp=d.wp||{},d.wp.receiveEmbedMessage||(d.wp.receiveEmbedMessage=function(e){var t=e.data;if((t||t.secret||t.message||t.value)&&!\/[^a-zA-Z0-9]\/.test(t.secret)){for(var s,r,n,a=l.querySelectorAll('iframe[data-secret=\"'+t.secret+'\"]'),o=l.querySelectorAll('blockquote[data-secret=\"'+t.secret+'\"]'),c=new RegExp(\"^https?:$\",\"i\"),i=0;i<o.length;i++)o[i].style.display=\"none\";for(i=0;i<a.length;i++)s=a[i],e.source===s.contentWindow&&(s.removeAttribute(\"style\"),\"height\"===t.message?(1e3<(r=parseInt(t.value,10))?r=1e3:~~r<200&&(r=200),s.height=r):\"link\"===t.message&&(r=new URL(s.getAttribute(\"src\")),n=new URL(t.value),c.test(n.protocol))&&n.host===r.host&&l.activeElement===s&&(d.top.location.href=t.value))}},d.addEventListener(\"message\",d.wp.receiveEmbedMessage,!1),l.addEventListener(\"DOMContentLoaded\",function(){for(var e,t,s=l.querySelectorAll(\"iframe.wp-embedded-content\"),r=0;r<s.length;r++)(t=(e=s[r]).getAttribute(\"data-secret\"))||(t=Math.random().toString(36).substring(2,12),e.src+=\"#?secret=\"+t,e.setAttribute(\"data-secret\",t)),e.contentWindow.postMessage({message:\"ready\",secret:t},\"*\")},!1)))}(window,document);\n\/\/# sourceURL=https:\/\/portaltela.pt\/wp-includes\/js\/wp-embed.min.js\n\/* ]]> *\/\n<\/script>\n","thumbnail_url":"https:\/\/portaltela.pt\/s.01k8rhncp4jt1\/2026\/03\/image-1781-768x432.jpg","thumbnail_width":600,"thumbnail_height":338,"description":"Um advogado foi condenado por dois crimes de inj\u00faria agravada ap\u00f3s, em dilig\u00eancias judiciais, ter dito a uma colega: \u201cIsto n\u00e3o \u00e9 a mata de Pigeiros\u201d, associando o local a prostitui\u00e7\u00e3o em Santa Maria da Feira. A senten\u00e7a, proferida por um ju\u00edzo local criminal da Comarca de Aveiro, foi confirmada pelo Tribunal da Rela\u00e7\u00e3o do Porto. O arguido recebeu uma pena \u00fanica de duzentos dias de multa, \u00e0 taxa di\u00e1ria de quinze euros, totalizando tr\u00eas mil euros. A advogada assistente no processo teve o indemniza\u00e7\u00e3o civil parcialmente atribu\u00edda, fixada em mil e quinhentos euros por danos n\u00e3o patrimoniais. O caso envolve a rela\u00e7\u00e3o entre a atividade da advogacia e um local associado \u00e0 prostitui\u00e7\u00e3o na regi\u00e3o de Santa Maria da Feira."}