{"version":"1.0","provider_name":"Portal Tela Portugal","provider_url":"https:\/\/portaltela.pt","author_name":"Telinha","author_url":"https:\/\/portaltela.pt\/por\/367410592786\/","title":"Kit de emerg\u00eancia pronto, mas falta o r\u00e1dio essencial - Portal Tela Portugal","type":"rich","width":600,"height":338,"html":"<blockquote class=\"wp-embedded-content\" data-secret=\"HCnaGKHcvg\"><a href=\"https:\/\/portaltela.pt\/noticias\/2026\/02\/05\/kit-de-emergencia-pronto-mas-falta-o-radio-essencial\/\">Kit de emerg\u00eancia pronto, mas falta o r\u00e1dio essencial<\/a><\/blockquote><iframe sandbox=\"allow-scripts\" security=\"restricted\" src=\"https:\/\/portaltela.pt\/noticias\/2026\/02\/05\/kit-de-emergencia-pronto-mas-falta-o-radio-essencial\/embed\/#?secret=HCnaGKHcvg\" width=\"600\" height=\"338\" title=\"&#8220;Kit de emerg\u00eancia pronto, mas falta o r\u00e1dio essencial&#8221; &#8212; Portal Tela Portugal\" data-secret=\"HCnaGKHcvg\" frameborder=\"0\" marginwidth=\"0\" marginheight=\"0\" scrolling=\"no\" class=\"wp-embedded-content\"><\/iframe><script type=\"text\/javascript\">\n\/* <![CDATA[ *\/\n\/*! This file is auto-generated *\/\n!function(d,l){\"use strict\";l.querySelector&&d.addEventListener&&\"undefined\"!=typeof URL&&(d.wp=d.wp||{},d.wp.receiveEmbedMessage||(d.wp.receiveEmbedMessage=function(e){var t=e.data;if((t||t.secret||t.message||t.value)&&!\/[^a-zA-Z0-9]\/.test(t.secret)){for(var s,r,n,a=l.querySelectorAll('iframe[data-secret=\"'+t.secret+'\"]'),o=l.querySelectorAll('blockquote[data-secret=\"'+t.secret+'\"]'),c=new RegExp(\"^https?:$\",\"i\"),i=0;i<o.length;i++)o[i].style.display=\"none\";for(i=0;i<a.length;i++)s=a[i],e.source===s.contentWindow&&(s.removeAttribute(\"style\"),\"height\"===t.message?(1e3<(r=parseInt(t.value,10))?r=1e3:~~r<200&&(r=200),s.height=r):\"link\"===t.message&&(r=new URL(s.getAttribute(\"src\")),n=new URL(t.value),c.test(n.protocol))&&n.host===r.host&&l.activeElement===s&&(d.top.location.href=t.value))}},d.addEventListener(\"message\",d.wp.receiveEmbedMessage,!1),l.addEventListener(\"DOMContentLoaded\",function(){for(var e,t,s=l.querySelectorAll(\"iframe.wp-embedded-content\"),r=0;r<s.length;r++)(t=(e=s[r]).getAttribute(\"data-secret\"))||(t=Math.random().toString(36).substring(2,12),e.src+=\"#?secret=\"+t,e.setAttribute(\"data-secret\",t)),e.contentWindow.postMessage({message:\"ready\",secret:t},\"*\")},!1)))}(window,document);\n\/\/# sourceURL=https:\/\/portaltela.pt\/wp-includes\/js\/wp-embed.min.js\n\/* ]]> *\/\n<\/script>\n","thumbnail_url":"https:\/\/portaltela.pt\/s.01k8rhncp4jt1\/2026\/02\/2064738-768x432.jpg","thumbnail_width":600,"thumbnail_height":338,"description":"Ap\u00f3s o apag\u00e3o de 28 de abril, ganhou for\u00e7a a ideia de ter um kit de emerg\u00eancia para 72 horas, com \u00e1gua, alimentos, medicamentos e dispositivos b\u00e1sicos como lanterna e r\u00e1dio a pilhas. Em cen\u00e1rios sem energia el\u00e9trica e comunica\u00e7\u00f5es digitais, o r\u00e1dio \u00e9 o sistema de comunica\u00e7\u00e3o mais simples, resiliente e que atinge popula\u00e7\u00f5es dispersas. R\u00e1dios nacionais acompanham a resposta do governo, mas n\u00e3o conseguem fazer leitura detalhada do territ\u00f3rio; esse papel cabe \u00e0s r\u00e1dios locais. A r\u00e1dio local \u00e9 crucial em emerg\u00eancia por conhecer o terreno, manter redes de contacto e devolver informa\u00e7\u00e3o \u00e0 popula\u00e7\u00e3o em tempo \u00fatil. Pergunta central: em que estado est\u00e3o hoje as r\u00e1dios locais em Portugal \u2014 operacionais, com que meios t\u00e9cnicos, modelos de financiamento e sustentabilidade?"}