{"version":"1.0","provider_name":"Portal Tela Portugal","provider_url":"https:\/\/portaltela.pt","author_name":"Telinha","author_url":"https:\/\/portaltela.pt\/por\/367410592786\/","title":"Trabalho digno: equil\u00edbrio entre trabalhar e viver - Portal Tela Portugal","type":"rich","width":600,"height":338,"html":"<blockquote class=\"wp-embedded-content\" data-secret=\"2tu4jjny9k\"><a href=\"https:\/\/portaltela.pt\/sociedade\/2026\/05\/01\/trabalho-digno-equilibrio-entre-trabalhar-e-viver\/\">Trabalho digno: equil\u00edbrio entre trabalhar e viver<\/a><\/blockquote><iframe sandbox=\"allow-scripts\" security=\"restricted\" src=\"https:\/\/portaltela.pt\/sociedade\/2026\/05\/01\/trabalho-digno-equilibrio-entre-trabalhar-e-viver\/embed\/#?secret=2tu4jjny9k\" width=\"600\" height=\"338\" title=\"&#8220;Trabalho digno: equil\u00edbrio entre trabalhar e viver&#8221; &#8212; Portal Tela Portugal\" data-secret=\"2tu4jjny9k\" frameborder=\"0\" marginwidth=\"0\" marginheight=\"0\" scrolling=\"no\" class=\"wp-embedded-content\"><\/iframe><script type=\"text\/javascript\">\n\/* <![CDATA[ *\/\n\/*! This file is auto-generated *\/\n!function(d,l){\"use strict\";l.querySelector&&d.addEventListener&&\"undefined\"!=typeof URL&&(d.wp=d.wp||{},d.wp.receiveEmbedMessage||(d.wp.receiveEmbedMessage=function(e){var t=e.data;if((t||t.secret||t.message||t.value)&&!\/[^a-zA-Z0-9]\/.test(t.secret)){for(var s,r,n,a=l.querySelectorAll('iframe[data-secret=\"'+t.secret+'\"]'),o=l.querySelectorAll('blockquote[data-secret=\"'+t.secret+'\"]'),c=new RegExp(\"^https?:$\",\"i\"),i=0;i<o.length;i++)o[i].style.display=\"none\";for(i=0;i<a.length;i++)s=a[i],e.source===s.contentWindow&&(s.removeAttribute(\"style\"),\"height\"===t.message?(1e3<(r=parseInt(t.value,10))?r=1e3:~~r<200&&(r=200),s.height=r):\"link\"===t.message&&(r=new URL(s.getAttribute(\"src\")),n=new URL(t.value),c.test(n.protocol))&&n.host===r.host&&l.activeElement===s&&(d.top.location.href=t.value))}},d.addEventListener(\"message\",d.wp.receiveEmbedMessage,!1),l.addEventListener(\"DOMContentLoaded\",function(){for(var e,t,s=l.querySelectorAll(\"iframe.wp-embedded-content\"),r=0;r<s.length;r++)(t=(e=s[r]).getAttribute(\"data-secret\"))||(t=Math.random().toString(36).substring(2,12),e.src+=\"#?secret=\"+t,e.setAttribute(\"data-secret\",t)),e.contentWindow.postMessage({message:\"ready\",secret:t},\"*\")},!1)))}(window,document);\n\/\/# sourceURL=https:\/\/portaltela.pt\/wp-includes\/js\/wp-embed.min.js\n\/* ]]> *\/\n<\/script>\n","thumbnail_url":"https:\/\/portaltela.pt\/s.01k8rhncp4jt1\/2026\/05\/2085203-768x432.jpg","thumbnail_width":600,"thumbnail_height":338,"description":"O \u00cdndice de Bem-Estar da PORDATA, atualizado em 2026 com dados de 2024, mostra um hiato entre emprego, bem\u2011estar econ\u00f3mico e qualidade de vida em Portugal: emprego 58,6; bem\u2011estar econ\u00f3mico 33,9; vulnerabilidade econ\u00f3mica 62,5. Cerca de um quarto dos jovens licenciados encontra\u2011se em situa\u00e7\u00e3o de sobrequalifica\u00e7\u00e3o, ocupando postos que n\u00e3o valorizam o saber nem asseguram condi\u00e7\u00f5es financeiras b\u00e1sicas. A incerteza laboral impacta a sa\u00fade mental, com o balan\u00e7o entre vida e trabalho a ficar em 41,9 e a sa\u00fade em 50; o emprego n\u00e3o tem correspondido ao crescimento da qualidade de vida. Em 2023, a Ordem dos Psic\u00f3logos Portugueses alertou que 35% dos trabalhadores vive sob stress constante, acima da m\u00e9dia europeia, com o burnout reconhecido pela Organiza\u00e7\u00e3o Mundial da Sa\u00fade como doen\u00e7a ocupacional. A Organiza\u00e7\u00e3o Internacional do Trabalho defende o Trabalho Digno \u2014 subsist\u00eancia, cidadania, prote\u00e7\u00e3o social e realiza\u00e7\u00e3o pessoal \u2014 e, em Portugal, o desafio \u00e9 criar condi\u00e7\u00f5es reais com lideran\u00e7as humanizadas, para que o crescimento do emprego se traduza numa melhoria efetiva da vida dos trabalhadores."}