{"version":"1.0","provider_name":"Portal Tela Portugal","provider_url":"https:\/\/portaltela.pt","author_name":"Telinha","author_url":"https:\/\/portaltela.pt\/por\/367410592786\/","title":"Diogo Costa destaca final feliz ap\u00f3s susto - Portal Tela Portugal","type":"rich","width":600,"height":338,"html":"<blockquote class=\"wp-embedded-content\" data-secret=\"akZ9XWSHtM\"><a href=\"https:\/\/portaltela.pt\/desporto\/futebol\/2026\/02\/27\/diogo-costa-destaca-final-feliz-apos-susto\/\">Diogo Costa destaca final feliz ap\u00f3s susto<\/a><\/blockquote><iframe sandbox=\"allow-scripts\" security=\"restricted\" src=\"https:\/\/portaltela.pt\/desporto\/futebol\/2026\/02\/27\/diogo-costa-destaca-final-feliz-apos-susto\/embed\/#?secret=akZ9XWSHtM\" width=\"600\" height=\"338\" title=\"&#8220;Diogo Costa destaca final feliz ap\u00f3s susto&#8221; &#8212; Portal Tela Portugal\" data-secret=\"akZ9XWSHtM\" frameborder=\"0\" marginwidth=\"0\" marginheight=\"0\" scrolling=\"no\" class=\"wp-embedded-content\"><\/iframe><script type=\"text\/javascript\">\n\/* <![CDATA[ *\/\n\/*! This file is auto-generated *\/\n!function(d,l){\"use strict\";l.querySelector&&d.addEventListener&&\"undefined\"!=typeof URL&&(d.wp=d.wp||{},d.wp.receiveEmbedMessage||(d.wp.receiveEmbedMessage=function(e){var t=e.data;if((t||t.secret||t.message||t.value)&&!\/[^a-zA-Z0-9]\/.test(t.secret)){for(var s,r,n,a=l.querySelectorAll('iframe[data-secret=\"'+t.secret+'\"]'),o=l.querySelectorAll('blockquote[data-secret=\"'+t.secret+'\"]'),c=new RegExp(\"^https?:$\",\"i\"),i=0;i<o.length;i++)o[i].style.display=\"none\";for(i=0;i<a.length;i++)s=a[i],e.source===s.contentWindow&&(s.removeAttribute(\"style\"),\"height\"===t.message?(1e3<(r=parseInt(t.value,10))?r=1e3:~~r<200&&(r=200),s.height=r):\"link\"===t.message&&(r=new URL(s.getAttribute(\"src\")),n=new URL(t.value),c.test(n.protocol))&&n.host===r.host&&l.activeElement===s&&(d.top.location.href=t.value))}},d.addEventListener(\"message\",d.wp.receiveEmbedMessage,!1),l.addEventListener(\"DOMContentLoaded\",function(){for(var e,t,s=l.querySelectorAll(\"iframe.wp-embedded-content\"),r=0;r<s.length;r++)(t=(e=s[r]).getAttribute(\"data-secret\"))||(t=Math.random().toString(36).substring(2,12),e.src+=\"#?secret=\"+t,e.setAttribute(\"data-secret\",t)),e.contentWindow.postMessage({message:\"ready\",secret:t},\"*\")},!1)))}(window,document);\n\/\/# sourceURL=https:\/\/portaltela.pt\/wp-includes\/js\/wp-embed.min.js\n\/* ]]> *\/\n<\/script>\n","thumbnail_url":"https:\/\/portaltela.pt\/s.01k8rhncp4jt1\/2026\/02\/img_920x518uu2026-02-27-21-30-20-2424019-768x432.jpg","thumbnail_width":600,"thumbnail_height":338,"description":"O FC Porto venceu o Arouca por 3-1; Diogo Costa disse que o jogo podia ter ficado decidido j\u00e1 no in\u00edcio. O guarda-redes dedicou a vit\u00f3ria a Borja Sainz, que perdeu a m\u00e3e durante a semana. A segunda parte acusou uma quebra de rendimento, mas o final feliz foi destacado como resultado de trabalho coletivo. As mudan\u00e7as no plantel ajudaram a equipa a readquirir o ritmo e a leitura do jogo, segundo o pr\u00f3prio jogador. Sobre mar\u00e7o, o guarda-redes garante que o calend\u00e1rio n\u00e3o assusta, devido \u00e0 intensidade do grupo e ao n\u00famero de jogos."}