{"version":"1.0","provider_name":"Portal Tela Portugal","provider_url":"https:\/\/portaltela.pt","author_name":"Telinha","author_url":"https:\/\/portaltela.pt\/por\/367410592786\/","title":"Conhe\u00e7a o Espa\u00e7o Cidad\u00e3o Celorico da Beira Gare - Portal Tela Portugal","type":"rich","width":600,"height":338,"html":"<blockquote class=\"wp-embedded-content\" data-secret=\"Wl0mvbaUwx\"><a href=\"https:\/\/portaltela.pt\/noticias\/2025\/12\/24\/conheca-o-espaco-cidadao-celorico-da-beira-gare\/\">Conhe\u00e7a o Espa\u00e7o Cidad\u00e3o Celorico da Beira Gare<\/a><\/blockquote><iframe sandbox=\"allow-scripts\" security=\"restricted\" src=\"https:\/\/portaltela.pt\/noticias\/2025\/12\/24\/conheca-o-espaco-cidadao-celorico-da-beira-gare\/embed\/#?secret=Wl0mvbaUwx\" width=\"600\" height=\"338\" title=\"&#8220;Conhe\u00e7a o Espa\u00e7o Cidad\u00e3o Celorico da Beira Gare&#8221; &#8212; Portal Tela Portugal\" data-secret=\"Wl0mvbaUwx\" frameborder=\"0\" marginwidth=\"0\" marginheight=\"0\" scrolling=\"no\" class=\"wp-embedded-content\"><\/iframe><script type=\"text\/javascript\">\n\/* <![CDATA[ *\/\n\/*! This file is auto-generated *\/\n!function(d,l){\"use strict\";l.querySelector&&d.addEventListener&&\"undefined\"!=typeof URL&&(d.wp=d.wp||{},d.wp.receiveEmbedMessage||(d.wp.receiveEmbedMessage=function(e){var t=e.data;if((t||t.secret||t.message||t.value)&&!\/[^a-zA-Z0-9]\/.test(t.secret)){for(var s,r,n,a=l.querySelectorAll('iframe[data-secret=\"'+t.secret+'\"]'),o=l.querySelectorAll('blockquote[data-secret=\"'+t.secret+'\"]'),c=new RegExp(\"^https?:$\",\"i\"),i=0;i<o.length;i++)o[i].style.display=\"none\";for(i=0;i<a.length;i++)s=a[i],e.source===s.contentWindow&&(s.removeAttribute(\"style\"),\"height\"===t.message?(1e3<(r=parseInt(t.value,10))?r=1e3:~~r<200&&(r=200),s.height=r):\"link\"===t.message&&(r=new URL(s.getAttribute(\"src\")),n=new URL(t.value),c.test(n.protocol))&&n.host===r.host&&l.activeElement===s&&(d.top.location.href=t.value))}},d.addEventListener(\"message\",d.wp.receiveEmbedMessage,!1),l.addEventListener(\"DOMContentLoaded\",function(){for(var e,t,s=l.querySelectorAll(\"iframe.wp-embedded-content\"),r=0;r<s.length;r++)(t=(e=s[r]).getAttribute(\"data-secret\"))||(t=Math.random().toString(36).substring(2,12),e.src+=\"#?secret=\"+t,e.setAttribute(\"data-secret\",t)),e.contentWindow.postMessage({message:\"ready\",secret:t},\"*\")},!1)))}(window,document);\n\/\/# sourceURL=https:\/\/portaltela.pt\/wp-includes\/js\/wp-embed.min.js\n\/* ]]> *\/\n<\/script>\n","thumbnail_url":"https:\/\/portaltela.pt\/s.01k8rhncp4jt1\/2025\/12\/unnamed-file-1485-768x432.jpg","thumbnail_width":600,"thumbnail_height":338,"description":"Foi aberto ao p\u00fablico o Espa\u00e7o Cidad\u00e3o Celorico da Beira Gare, em protocolo com a ARTE, integrado na rede de Espa\u00e7os Cidad\u00e3o. Localiza-se nas instala\u00e7\u00f5es do Edif\u00edcio dos Correios, EN 102 Celorico da Beira Gare, funcionando conjuntamente com o servi\u00e7o dos Correios. Hor\u00e1rio: segunda a sexta-feira, das 14h00 \u00e0s 17h30. O Espa\u00e7o Cidad\u00e3o re\u00fane servi\u00e7os da administra\u00e7\u00e3o central num \u00fanico balc\u00e3o, promovendo literacia digital e apoio assistido na presta\u00e7\u00e3o de servi\u00e7os p\u00fablicos digitais. Oferece, entre outros, servi\u00e7os como Chave M\u00f3vel Digital, atualiza\u00e7\u00e3o da morada do Cart\u00e3o de Cidad\u00e3o, renova\u00e7\u00e3o da carta de condu\u00e7\u00e3o, registo criminal, servi\u00e7os da AT, Seguran\u00e7a Social, Caixa Geral de Aposenta\u00e7\u00f5es, ADSE e IEFP."}