{"version":"1.0","provider_name":"Portal Tela Portugal","provider_url":"https:\/\/portaltela.pt","author_name":"Telinha","author_url":"https:\/\/portaltela.pt\/por\/367410592786\/","title":"Auriol Dongmo celebra maternidade: a maior b\u00ean\u00e7\u00e3o - Portal Tela Portugal","type":"rich","width":600,"height":338,"html":"<blockquote class=\"wp-embedded-content\" data-secret=\"cuDJLpR3Km\"><a href=\"https:\/\/portaltela.pt\/desporto\/futebol\/2026\/05\/03\/auriol-dongmo-celebra-maternidade-a-maior-bencao\/\">Auriol Dongmo celebra maternidade: a maior b\u00ean\u00e7\u00e3o<\/a><\/blockquote><iframe sandbox=\"allow-scripts\" security=\"restricted\" src=\"https:\/\/portaltela.pt\/desporto\/futebol\/2026\/05\/03\/auriol-dongmo-celebra-maternidade-a-maior-bencao\/embed\/#?secret=cuDJLpR3Km\" width=\"600\" height=\"338\" title=\"&#8220;Auriol Dongmo celebra maternidade: a maior b\u00ean\u00e7\u00e3o&#8221; &#8212; Portal Tela Portugal\" data-secret=\"cuDJLpR3Km\" frameborder=\"0\" marginwidth=\"0\" marginheight=\"0\" scrolling=\"no\" class=\"wp-embedded-content\"><\/iframe><script type=\"text\/javascript\">\n\/* <![CDATA[ *\/\n\/*! This file is auto-generated *\/\n!function(d,l){\"use strict\";l.querySelector&&d.addEventListener&&\"undefined\"!=typeof URL&&(d.wp=d.wp||{},d.wp.receiveEmbedMessage||(d.wp.receiveEmbedMessage=function(e){var t=e.data;if((t||t.secret||t.message||t.value)&&!\/[^a-zA-Z0-9]\/.test(t.secret)){for(var s,r,n,a=l.querySelectorAll('iframe[data-secret=\"'+t.secret+'\"]'),o=l.querySelectorAll('blockquote[data-secret=\"'+t.secret+'\"]'),c=new RegExp(\"^https?:$\",\"i\"),i=0;i<o.length;i++)o[i].style.display=\"none\";for(i=0;i<a.length;i++)s=a[i],e.source===s.contentWindow&&(s.removeAttribute(\"style\"),\"height\"===t.message?(1e3<(r=parseInt(t.value,10))?r=1e3:~~r<200&&(r=200),s.height=r):\"link\"===t.message&&(r=new URL(s.getAttribute(\"src\")),n=new URL(t.value),c.test(n.protocol))&&n.host===r.host&&l.activeElement===s&&(d.top.location.href=t.value))}},d.addEventListener(\"message\",d.wp.receiveEmbedMessage,!1),l.addEventListener(\"DOMContentLoaded\",function(){for(var e,t,s=l.querySelectorAll(\"iframe.wp-embedded-content\"),r=0;r<s.length;r++)(t=(e=s[r]).getAttribute(\"data-secret\"))||(t=Math.random().toString(36).substring(2,12),e.src+=\"#?secret=\"+t,e.setAttribute(\"data-secret\",t)),e.contentWindow.postMessage({message:\"ready\",secret:t},\"*\")},!1)))}(window,document);\n\/\/# sourceURL=https:\/\/portaltela.pt\/wp-includes\/js\/wp-embed.min.js\n\/* ]]> *\/\n<\/script>\n","thumbnail_url":"https:\/\/portaltela.pt\/s.01k8rhncp4jt1\/2026\/05\/img_920x518uu2026-05-01-18-21-17-2436282-768x432.jpg","thumbnail_width":600,"thumbnail_height":338,"description":"Auriol Dongmo, lan\u00e7adora do peso do Sporting e atleta ol\u00edmpica, considera que o Dia da M\u00e3e \u00e9 todos os dias. \u00c9 m\u00e3e de Rafael, 7 anos, e Daniel, 1 ano e meio, dizendo que ser m\u00e3e \u00e9 a maior b\u00ean\u00e7\u00e3o da sua vida e que mudou a forma de pensar. Reconhece que equilibrar atletismo de alto rendimento e maternidade em Portugal n\u00e3o \u00e9 f\u00e1cil, destacando o apoio do marido e de pessoas \u00e0 sua volta. Na \u00e9poca de inverno, terminou no oitavo lugar no Campeonato do Mundo de pista coberta, com 18,82 metros, posi\u00e7\u00e3o que descreve como mau, ap\u00f3s come\u00e7ar com v\u00e1rias marcas acima de 19 metros. Foca-se na Ta\u00e7a dos Campe\u00f5es Europeus de pista para o Sporting, pretende chegar ao Europeu de agosto em boa forma e admite que \u00e9 cedo para pensar nos Jogos Ol\u00edmpicos de Los Angeles 2028; o treino sofreu interrup\u00e7\u00f5es por uma tempestade que obrigou desloca\u00e7\u00f5es de cerca de 100 quil\u00f3metros."}